{"id":651,"date":"2018-02-27T13:01:06","date_gmt":"2018-02-27T13:01:06","guid":{"rendered":"http:\/\/www.dishekimiguraypala.com\/?page_id=651"},"modified":"2018-02-27T13:01:06","modified_gmt":"2018-02-27T13:01:06","slug":"koruyucu-tedavi","status":"publish","type":"page","link":"https:\/\/dishekimiguraypala.com\/index.php\/koruyucu-tedavi\/","title":{"rendered":"Koruyucu Tedavi"},"content":{"rendered":"<p>[vc_row type=&#8221;container&#8221; padding_top=&#8221;&#8221; padding_bottom=&#8221;&#8221;][vc_column width=&#8221;2\/3&#8243;][vc_column_text]<\/p>\n<div align=\"justify\">\n<span style=\"color: #ff950e;\"><b>&#8221;Her \u015fey Korumakla Ba\u015flar&#8221;<\/b><\/span><br \/>\nG\u00fcn\u00fcm\u00fczde bir\u00e7ok geli\u015fmi\u015f \u00fclkede koruyucu di\u015f hekimli\u011fi uygulamalar\u0131 yayg\u0131nla\u015ft\u0131r\u0131larak \u00e7\u00fcr\u00fck g\u00f6r\u00fclme y\u00fczdeleri \u00f6nemli \u00f6l\u00e7\u00fcde azalt\u0131lm\u0131\u015ft\u0131r. \u00dclkemizde yap\u0131lan son \u00e7al\u0131\u015fmalarda alt\u0131 ya\u015f grubu \u00e7ocuklarda \u201c\u00e7\u00fcr\u00fcks\u00fczl\u00fck\u201d oran\u0131 %16, 12 ya\u015f grubu \u00e7ocuklarda ise %19 olarak tespit edilmi\u015ftir. D\u00fcnya Sa\u011fl\u0131k \u00d6rg\u00fct\u00fcn\u00fcn (World Health Organisation-WHO) 21.yy hedeflerine bakt\u0131\u011f\u0131m\u0131zda ise alt\u0131 ya\u015f grubu i\u00e7in \u00e7\u00fcr\u00fcks\u00fczl\u00fck oran\u0131 %80 olarak hedeflenmektedir. Bu rakamlar \u00fclkemizde koruyucu di\u015f hekimli\u011finin gerekti\u011fi d\u00fczeyde olmad\u0131\u011f\u0131n\u0131n kan\u0131t\u0131d\u0131r.<br \/>\nKoruyucu di\u015f hekimli\u011finde ama\u00e7 \u00e7ocuklar\u0131n\u0131z\u0131n yap\u0131lan ilk a\u011f\u0131z i\u00e7i muayenesinin ard\u0131ndan \u00e7\u00fcr\u00fck risk grubunun belirlenmesi ve \u00e7ocu\u011funuza \u00f6zel koruyucu bir program haz\u0131rlanmas\u0131d\u0131r. Bu koruyucu program di\u015f hekimi ile ailenin ortakla\u015fa y\u00fcr\u00fctecekleri bir program olacakt\u0131r.<br \/>\n<span style=\"color: #ff950e;\"><b>Aileye D\u00fc\u015fen G\u00f6revler<\/b><\/span><br \/>\nD\u00fczenli ve Do\u011fru F\u0131r\u00e7alama E\u011fitimi: D\u00fczenli di\u015f f\u0131r\u00e7alamak bakteri say\u0131s\u0131n\u0131 ve besin retansiyonunu (birikimini) azaltmak i\u00e7in bilinen en etkili y\u00f6ntemlerin ba\u015f\u0131nda gelmektedir. Ailelerin bu konuda bilmesi gereken nokta etkili f\u0131r\u00e7alama ya\u015f\u0131n\u0131n \u00e7ocuktan \u00e7ocu\u011fa de\u011fi\u015febilmekle birlikte be\u015f ya\u015f\u0131ndan sonra oldu\u011fudur. \u00c7\u00fcr\u00fcks\u00fcz di\u015fler i\u00e7in \u00e7ocuklar\u0131n\u0131z\u0131n bu ya\u015fa gelene kadar, di\u015flerini g\u00fcnde en az iki kere, sizin f\u0131r\u00e7alaman\u0131z gerekmektedir. Di\u015f f\u0131r\u00e7alama al\u0131\u015fkanl\u0131\u011f\u0131n\u0131n yerle\u015fmesi i\u00e7in f\u0131r\u00e7an\u0131n \u00f6nce \u00e7ocu\u011fa verilmesi sonras\u0131nda ailenin di\u015fler temizlemesi gerekmektedir.<br \/>\nBeslenme: \u00c7\u00fcr\u00fcks\u00fcz di\u015fler i\u00e7in do\u011fru beslenmek b\u00fcy\u00fck \u00f6nem ta\u015f\u0131maktad\u0131r. Bilinenin aksine \u00e7\u00fcr\u00fck olu\u015fumunda sadece \u00e7ikolata ve \u015fekerin yeri yoktur. Bir\u00e7ok besin t\u00fcr\u00fc a\u011f\u0131z ph\u2019s\u0131n\u0131 de\u011fi\u015ftirmekte ve bunun sonucunda \u00e7\u00fcr\u00fc\u011fe yol a\u00e7maktad\u0131r. Di\u015f hekiminiz beslenme al\u0131\u015fkanl\u0131klar\u0131n\u0131z\u0131 inceleyip yapt\u0131\u011f\u0131n\u0131z yanl\u0131\u015flar\u0131 tespit edecek ve size a\u011f\u0131z hijyeniniz a\u00e7\u0131s\u0131ndan neler yapman\u0131z gerekti\u011fini anlatacakt\u0131r.<br \/>\n<span style=\"color: #ff950e;\"><b>Hekime D\u00fc\u015fen G\u00f6revler<\/b><\/span><br \/>\nFiss\u00fcr \u00d6rt\u00fcc\u00fcler: D\u00fczenli beslenme ve f\u0131r\u00e7alama \u00e7o\u011fu zaman \u00e7\u00fcr\u00fcks\u00fcz di\u015fler i\u00e7in yeterli olmayabilir. Az\u0131 di\u015flerinin \u00e7i\u011fneyici y\u00fczeylerinde bulunan \u201cfiss\u00fcr\u201d ad\u0131 verilen girintiler en s\u0131k \u00e7\u00fcr\u00fc\u011f\u00fcn olu\u015ftu\u011fu b\u00f6lgelerdir. Bu b\u00f6lgelerde daha fazla \u00e7\u00fcr\u00fck g\u00f6r\u00fclmesinin nedeni fiss\u00fcrlerin dar ve derin olmas\u0131 nedeniyle di\u015f f\u0131r\u00e7as\u0131 k\u0131l\u0131n\u0131n bu b\u00f6lgelerde etkili temizlik yapmak i\u00e7in yetersiz kalmas\u0131d\u0131r. Bu y\u00fczden \u00e7\u00fcr\u00fck olu\u015fumunu \u00f6nlemede di\u015f hekimlerin en s\u0131k uygulad\u0131\u011f\u0131 koruyucu y\u00f6ntemlerden biri fiss\u00fcr \u00f6rt\u00fcc\u00fcler\u201ddir.<br \/>\nBu koruyucu uygulamada \u201cfiss\u00fcr \u00f6rt\u00fcc\u00fc\u201d ad\u0131 verilen beyaz renkli, ak\u0131\u015fkan madde ile girintiler (fiss\u00fcrler) doldurulur ve bu ak\u0131\u015fkan madde \u00f6zel bir \u0131\u015f\u0131n ile sertle\u015ftirilir. Bu sayede besin art\u0131klar\u0131n\u0131n girebilece\u011fi ve f\u0131r\u00e7alama ile ortadan kald\u0131r\u0131lmas\u0131n\u0131n zor oldu\u011fu, \u00e7\u00fcr\u00fc\u011fe elveri\u015fli b\u00f6lgeler ortadan kald\u0131r\u0131lm\u0131\u015f olur.<br \/>\nFluor uygulamas\u0131: Fluor uygulamak di\u015f minesini zararl\u0131 asitlere kar\u015f\u0131 korumak, \u00e7\u00fcr\u00fck olu\u015fumunu engellemek, ba\u015flang\u0131\u00e7 seviyesindeki \u00e7\u00fcr\u00fckleri durdurmak i\u00e7in al\u0131nabilecek en etkili ve basit \u00f6nlemdir.<br \/>\n\u00c7ocuklarda s\u00fct di\u015flerinin tamamlanmas\u0131ndan sonra yap\u0131lacak fluor uygulamalar\u0131, di\u015f yap\u0131s\u0131n\u0131 g\u00fc\u00e7lendirip, bakterilerin \u00fcretti\u011fi asitlere kar\u015f\u0131 diren\u00e7li olmalar\u0131n\u0131 sa\u011flayacakt\u0131r.<br \/>\n\u0130lk fluor uygulamas\u0131dan sonra hekiminiz \u00e7ocu\u011funuzun risk grubunu belirleyerek 4-6 ayda bir d\u00fczenli kontrollere \u00e7a\u011f\u0131racakt\u0131r.<br \/>\n<span style=\"color: #ff950e;\"><b>Flor Uygulamas\u0131 Nedir?<\/b><\/span><br \/>\nFlor, di\u015fin yap\u0131s\u0131nda kimyasal ba\u011f kurup \u00e7\u00fcr\u00fc\u011fe kar\u015f\u0131 direnci art\u0131ran bir elementtir.<br \/>\nJel k\u0131vam\u0131ndaki floru di\u015flere lokal olarak tatbik etmek suretiyle y\u00fcksek konsantrasyondaki florun minenin yap\u0131s\u0131n\u0131 g\u00fc\u00e7lendirmesi esas\u0131na dayanmaktad\u0131r.<br \/>\n<span style=\"color: #ff950e;\"><b>Flor Uygulamas\u0131 Ka\u00e7 \u00c7e\u015fittir?<\/b><\/span><br \/>\nTopikal ve sistemik olmak \u00fczere iki \u00e7e\u015fittir. Klinikte uygulanan form, topikal formdur. Topikal uygulamalarda da jel, k\u00f6p\u00fck ya da cila \u015feklinde olabilir. Sistemik uygulaman\u0131n topikal uygulama kadar etkili olmad\u0131\u011f\u0131 bilimsel olarak kan\u0131tlanm\u0131\u015ft\u0131r.<br \/>\n<span style=\"color: #ff950e;\"><b>Flor Uygulamas\u0131na ne zaman ba\u015flan\u0131r?<\/b><\/span><br \/>\n3 ya\u015f\u0131ndan itibaren flor uygulamas\u0131na ba\u015flanmaktad\u0131r.<br \/>\n<span style=\"color: #ff950e;\"><b>Flor Uygulamas\u0131 Nas\u0131l Yap\u0131l\u0131r?<\/b><\/span><br \/>\n\u00d6ncelikle i\u015flem sonras\u0131nda 30-60 dk kadar bir\u015fey yiyip i\u00e7ilemeyece\u011fi i\u00e7in \u00f6ncesinde \u00e7ocu\u011funuza su i\u00e7mesi \u00f6nerilir. Di\u015fler bir hava yard\u0131m\u0131 ile iyice kurutulur. Alt ve \u00fcst di\u015flere s\u0131rayla flor cilas\u0131 s\u00fcr\u00fcl\u00fcr. Arta kalan t\u00fck\u00fcr\u00fck ve cila bir t\u00fck\u00fcr\u00fck emici yard\u0131m\u0131 ile iyice \u00e7ekilir.<br \/>\n<span style=\"color: #ff950e;\"><b>Flor Uygulamas\u0131n\u0131n yararlar\u0131 nedir?<\/b><\/span><br \/>\nDi\u015f y\u00fczeylerine flor uygulamas\u0131n\u0131n \u00e7\u00fcr\u00fcklere kar\u015f\u0131 diren\u00e7 kazanmada olduk\u00e7a etkili bir y\u00f6ntem oldu\u011fu bilimsel olarak kan\u0131tlanm\u0131\u015ft\u0131r.<br \/>\n<span style=\"color: #ff950e;\"><b>Flor Uygulamas\u0131 zararl\u0131 m\u0131d\u0131r?<\/b><\/span><br \/>\n4 ayda bir flor uygulamas\u0131 \u00e7\u00fcr\u00fck olu\u015fumunu engellemek a\u00e7\u0131s\u0131ndan olduk\u00e7a faydal\u0131d\u0131r. Bu uygulama di\u015f y\u00fczeylerine yap\u0131ld\u0131\u011f\u0131ndan, sistemik bir uygulama oldu\u011fundan ve arta kalan flor t\u00fck\u00fcr\u00fck emici ile a\u011f\u0131zdan al\u0131nd\u0131\u011f\u0131ndan \u00e7ocuklar\u0131n sa\u011fl\u0131\u011f\u0131 a\u00e7\u0131s\u0131ndan herhangi bir zarar te\u015fkil etmez.<br \/>\n<span style=\"color: #ff950e;\"><b>Flor uygulamas\u0131 hangi s\u0131kl\u0131kta uygulan\u0131r?<\/b><\/span><br \/>\n\u00c7\u00fcr\u00fck riski y\u00fcksek bireylerde 4 ayda bir, a\u011f\u0131z hijyeni iyi olan bireylerde ise 6 ayda bir kez flor uygulamas\u0131 yap\u0131lmaktad\u0131r.<br \/>\n<span style=\"color: #ff950e;\"><b>Yer Tutucu Nedir?<\/b><\/span><br \/>\nZaman\u0131ndan \u00f6nce \u00e7ekilmek zorunda kal\u0131nan s\u00fct di\u015flerinin yerini korumak amac\u0131 ile yandaki di\u015flerden destek al\u0131narak araya yerle\u015ftirilen apareylere yer tutucu denir. Yer tutucular sabit(di\u015fe yap\u0131\u015ft\u0131r\u0131lan) veya hareketli(tak\u0131p-\u00e7\u0131kar\u0131labilen)\n<\/div>\n<p>[\/vc_column_text][\/vc_column][vc_column width=&#8221;1\/3&#8243;][vc_single_image image=&#8221;641&#8243; img_size=&#8221;full&#8221;][\/vc_column][\/vc_row]<\/p>\n","protected":false},"excerpt":{"rendered":"<p>[vc_row type=&#8221;container&#8221; padding_top=&#8221;&#8221; padding_bottom=&#8221;&#8221;][vc_column width=&#8221;2\/3&#8243;][vc_column_text] &#8221;Her \u015fey Korumakla Ba\u015flar&#8221; G\u00fcn\u00fcm\u00fczde bir\u00e7ok geli\u015fmi\u015f \u00fclkede koruyucu di\u015f hekimli\u011fi uygulamalar\u0131 yayg\u0131nla\u015ft\u0131r\u0131larak \u00e7\u00fcr\u00fck g\u00f6r\u00fclme y\u00fczdeleri \u00f6nemli \u00f6l\u00e7\u00fcde azalt\u0131lm\u0131\u015ft\u0131r. \u00dclkemizde yap\u0131lan son \u00e7al\u0131\u015fmalarda alt\u0131 ya\u015f grubu \u00e7ocuklarda \u201c\u00e7\u00fcr\u00fcks\u00fczl\u00fck\u201d oran\u0131 %16, 12 ya\u015f grubu \u00e7ocuklarda ise %19 olarak tespit edilmi\u015ftir. D\u00fcnya Sa\u011fl\u0131k \u00d6rg\u00fct\u00fcn\u00fcn (World Health Organisation-WHO) 21.yy hedeflerine bakt\u0131\u011f\u0131m\u0131zda ise alt\u0131 [&hellip;]<\/p>\n","protected":false},"author":1,"featured_media":0,"parent":0,"menu_order":0,"comment_status":"closed","ping_status":"closed","template":"","meta":{"footnotes":""},"class_list":["post-651","page","type-page","status-publish","hentry"],"_links":{"self":[{"href":"https:\/\/dishekimiguraypala.com\/index.php\/wp-json\/wp\/v2\/pages\/651","targetHints":{"allow":["GET"]}}],"collection":[{"href":"https:\/\/dishekimiguraypala.com\/index.php\/wp-json\/wp\/v2\/pages"}],"about":[{"href":"https:\/\/dishekimiguraypala.com\/index.php\/wp-json\/wp\/v2\/types\/page"}],"author":[{"embeddable":true,"href":"https:\/\/dishekimiguraypala.com\/index.php\/wp-json\/wp\/v2\/users\/1"}],"replies":[{"embeddable":true,"href":"https:\/\/dishekimiguraypala.com\/index.php\/wp-json\/wp\/v2\/comments?post=651"}],"version-history":[{"count":0,"href":"https:\/\/dishekimiguraypala.com\/index.php\/wp-json\/wp\/v2\/pages\/651\/revisions"}],"wp:attachment":[{"href":"https:\/\/dishekimiguraypala.com\/index.php\/wp-json\/wp\/v2\/media?parent=651"}],"curies":[{"name":"wp","href":"https:\/\/api.w.org\/{rel}","templated":true}]}}